{"id":3177,"date":"2021-03-15T21:06:32","date_gmt":"2021-03-15T20:06:32","guid":{"rendered":"https:\/\/www.bscf-chiemsee.de\/wordpress\/?page_id=3177"},"modified":"2026-03-15T19:43:10","modified_gmt":"2026-03-15T18:43:10","slug":"bscf-termine-2","status":"publish","type":"page","link":"https:\/\/www.bscf-chiemsee.de\/wordpress\/?page_id=3177","title":{"rendered":"BSCF Termine"},"content":{"rendered":"\n<p class=\"has-text-align-center\"><em>Alle Termine vorl\u00e4ufig bzw. \u00c4nderungen vorbehalten.<\/em><br>Stand: 8.12.2025<\/p>\n\n\n\n<p>Die Regattainfos finden Sie unter <a href=\"http:\/\/manage2sail.com\/en-US\/Club\/Detail\/f48ef4c8-48dd-4c45-b526-a58127291fda\">Regatta<\/a>. <\/p>\n\n\n\n<figure class=\"wp-block-table is-style-stripes\"><table class=\"has-black-color has-text-color\"><thead><tr><th class=\"has-text-align-left\" data-align=\"left\">Veranstaltung<\/th><th class=\"has-text-align-left\" data-align=\"left\">Termin<\/th><th class=\"has-text-align-left\" data-align=\"left\">Ort \/ Details<\/th><\/tr><\/thead><tbody><tr><td class=\"has-text-align-left\" data-align=\"left\">1. Seglerhock<\/td><td class=\"has-text-align-left\" data-align=\"left\">24.1.2026<\/td><td class=\"has-text-align-left\" data-align=\"left\">Clubhaus<\/td><\/tr><tr><td class=\"has-text-align-left\" data-align=\"left\">2. Seglerhock<\/td><td class=\"has-text-align-left\" data-align=\"left\">28.2.2026<\/td><td class=\"has-text-align-left\" data-align=\"left\"><a href=\"http:\/\/www.schlosswirtschaft-wildenwart.de\/\">Schlosswirtschaft Wildenwart<\/a><\/td><\/tr><tr><td class=\"has-text-align-left\" data-align=\"left\">Chiemsee-Cup<\/td><td class=\"has-text-align-left\" data-align=\"left\">8.3.2026<\/td><td class=\"has-text-align-left\" data-align=\"left\">Clubgel\u00e4nde<\/td><\/tr><tr><td class=\"has-text-align-left\" data-align=\"left\">3. Seglerhock<\/td><td class=\"has-text-align-left\" data-align=\"left\">21.3.2026<\/td><td class=\"has-text-align-left\" data-align=\"left\">Clubhaus<\/td><\/tr><tr><td class=\"has-text-align-left\" data-align=\"left\">Kranen<\/td><td class=\"has-text-align-left\" data-align=\"left\">10.4.2026<\/td><td class=\"has-text-align-left\" data-align=\"left\">Gemeindehafen<\/td><\/tr><tr><td class=\"has-text-align-left\" data-align=\"left\">Fr\u00fchjahrsarbeitsdienst<\/td><td class=\"has-text-align-left\" data-align=\"left\">t.b.d.<\/td><td class=\"has-text-align-left\" data-align=\"left\">Clubgel\u00e4nde<\/td><\/tr><tr><td class=\"has-text-align-left\" data-align=\"left\">Auswintern der Jugend<\/td><td class=\"has-text-align-left\" data-align=\"left\">11.4.2026<\/td><td class=\"has-text-align-left\" data-align=\"left\">Clubgel\u00e4nde<\/td><\/tr><tr><td class=\"has-text-align-left\" data-align=\"left\">Jugendversammlung<\/td><td class=\"has-text-align-left\" data-align=\"left\">t.b.d.<\/td><td class=\"has-text-align-left\" data-align=\"left\">Clubhaus<\/td><\/tr><tr><td class=\"has-text-align-left\" data-align=\"left\">Alpenland Trophy 29er &amp; ILCA<\/td><td class=\"has-text-align-left\" data-align=\"left\">25. + 26.4.2026<\/td><td class=\"has-text-align-left\" data-align=\"left\">Clubgel\u00e4nde<\/td><\/tr><tr><td class=\"has-text-align-left\" data-align=\"left\">Jahreshauptversammlung<\/td><td class=\"has-text-align-left\" data-align=\"left\">9.5.2026<\/td><td class=\"has-text-align-left\" data-align=\"left\">Clubgel\u00e4nde<\/td><\/tr><tr><td class=\"has-text-align-left\" data-align=\"left\">Ansegeln<\/td><td class=\"has-text-align-left\" data-align=\"left\">17.5.2026<\/td><td class=\"has-text-align-left\" data-align=\"left\">Clubgel\u00e4nde<\/td><\/tr><tr><td class=\"has-text-align-left\" data-align=\"left\">Jugendwoche<\/td><td class=\"has-text-align-left\" data-align=\"left\">1. &#8211; 5.6.2026<\/td><td class=\"has-text-align-left\" data-align=\"left\">Clubgel\u00e4nde<\/td><\/tr><tr><td class=\"has-text-align-left\" data-align=\"left\">Rund um d&#8217;Inseln<\/td><td class=\"has-text-align-left\" data-align=\"left\">21.6.2026<\/td><td class=\"has-text-align-left\" data-align=\"left\">Clubgel\u00e4nde<\/td><\/tr><tr><td class=\"has-text-align-left\" data-align=\"left\">Bernauer Pl\u00e4tten und Schratzen Pokal<\/td><td class=\"has-text-align-left\" data-align=\"left\">27.6.2026<\/td><td class=\"has-text-align-left\" data-align=\"left\">Clubgel\u00e4nde<\/td><\/tr><tr><td class=\"has-text-align-left\" data-align=\"left\">Bernauer Opti<\/td><td class=\"has-text-align-left\" data-align=\"left\">4. + 5.7.2026<\/td><td class=\"has-text-align-left\" data-align=\"left\">Clubgel\u00e4nde <\/td><\/tr><tr><td class=\"has-text-align-left\" data-align=\"left\">Kreuz und Quer<\/td><td class=\"has-text-align-left\" data-align=\"left\">11.7.2026<\/td><td class=\"has-text-align-left\" data-align=\"left\">Clubgel\u00e4nde<\/td><\/tr><tr><td class=\"has-text-align-left\" data-align=\"left\">Sommernachtsfest<\/td><td class=\"has-text-align-left\" data-align=\"left\">11.7.2026<\/td><td class=\"has-text-align-left\" data-align=\"left\">Clubgel\u00e4nde<\/td><\/tr><tr><td class=\"has-text-align-left\" data-align=\"left\">Ferientag<\/td><td class=\"has-text-align-left\" data-align=\"left\">2.8.2026<\/td><td class=\"has-text-align-left\" data-align=\"left\">Clubgel\u00e4nde<\/td><\/tr><tr><td class=\"has-text-align-left\" data-align=\"left\">Absegeln<\/td><td class=\"has-text-align-left\" data-align=\"left\">27.9.2026<\/td><td class=\"has-text-align-left\" data-align=\"left\">Clubgel\u00e4nde<\/td><\/tr><tr><td class=\"has-text-align-left\" data-align=\"left\">ASSO Master<\/td><td class=\"has-text-align-left\" data-align=\"left\">4. + 5.10.2026<\/td><td class=\"has-text-align-left\" data-align=\"left\">Clubgel\u00e4nde<\/td><\/tr><tr><td class=\"has-text-align-left\" data-align=\"left\">Kranen<\/td><td class=\"has-text-align-left\" data-align=\"left\">23.10.2026<\/td><td class=\"has-text-align-left\" data-align=\"left\">Gemeindehafen<\/td><\/tr><tr><td class=\"has-text-align-left\" data-align=\"left\">Herbstpokal des S\u00fcdens (vorl\u00e4ufig)<\/td><td class=\"has-text-align-left\" data-align=\"left\">24.-26.10.2026<\/td><td class=\"has-text-align-left\" data-align=\"left\">Clubgel\u00e4nde<\/td><\/tr><tr><td class=\"has-text-align-left\" data-align=\"left\">Einwintern der Jugend<\/td><td class=\"has-text-align-left\" data-align=\"left\">t.b.d.<\/td><td class=\"has-text-align-left\" data-align=\"left\">Clubgel\u00e4nde<\/td><\/tr><tr><td class=\"has-text-align-left\" data-align=\"left\">Jugendweihnachtsfeier<\/td><td class=\"has-text-align-left\" data-align=\"left\">t.b.d.<\/td><td class=\"has-text-align-left\" data-align=\"left\">Clubhaus<\/td><\/tr><tr><td class=\"has-text-align-left\" data-align=\"left\">Saisonabschlu\u00dffeier 2026<\/td><td class=\"has-text-align-left\" data-align=\"left\">t.b.d.<\/td><td class=\"has-text-align-left\" data-align=\"left\">t.b.d.<\/td><\/tr><\/tbody><\/table><\/figure>\n\n\n\n<p><\/p>\n\n\n\n<p><\/p>\n","protected":false},"excerpt":{"rendered":"<p>Alle Termine vorl\u00e4ufig bzw. \u00c4nderungen vorbehalten.Stand: 8.12.2025 Die Regattainfos finden Sie unter Regatta. Veranstaltung Termin Ort \/ Details 1. Seglerhock 24.1.2026 Clubhaus 2. Seglerhock 28.2.2026 Schlosswirtschaft Wildenwart Chiemsee-Cup 8.3.2026 Clubgel\u00e4nde 3. Seglerhock 21.3.2026 Clubhaus Kranen 10.4.2026 Gemeindehafen Fr\u00fchjahrsarbeitsdienst t.b.d. Clubgel\u00e4nde Auswintern der Jugend 11.4.2026 Clubgel\u00e4nde Jugendversammlung t.b.d. Clubhaus Alpenland Trophy 29er &amp; ILCA 25. + [&hellip;]<\/p>\n","protected":false},"author":1,"featured_media":0,"parent":0,"menu_order":0,"comment_status":"closed","ping_status":"closed","template":"","meta":{"footnotes":""},"class_list":["post-3177","page","type-page","status-publish","hentry"],"_links":{"self":[{"href":"https:\/\/www.bscf-chiemsee.de\/wordpress\/index.php?rest_route=\/wp\/v2\/pages\/3177","targetHints":{"allow":["GET"]}}],"collection":[{"href":"https:\/\/www.bscf-chiemsee.de\/wordpress\/index.php?rest_route=\/wp\/v2\/pages"}],"about":[{"href":"https:\/\/www.bscf-chiemsee.de\/wordpress\/index.php?rest_route=\/wp\/v2\/types\/page"}],"author":[{"embeddable":true,"href":"https:\/\/www.bscf-chiemsee.de\/wordpress\/index.php?rest_route=\/wp\/v2\/users\/1"}],"replies":[{"embeddable":true,"href":"https:\/\/www.bscf-chiemsee.de\/wordpress\/index.php?rest_route=%2Fwp%2Fv2%2Fcomments&post=3177"}],"version-history":[{"count":115,"href":"https:\/\/www.bscf-chiemsee.de\/wordpress\/index.php?rest_route=\/wp\/v2\/pages\/3177\/revisions"}],"predecessor-version":[{"id":5285,"href":"https:\/\/www.bscf-chiemsee.de\/wordpress\/index.php?rest_route=\/wp\/v2\/pages\/3177\/revisions\/5285"}],"wp:attachment":[{"href":"https:\/\/www.bscf-chiemsee.de\/wordpress\/index.php?rest_route=%2Fwp%2Fv2%2Fmedia&parent=3177"}],"curies":[{"name":"wp","href":"https:\/\/api.w.org\/{rel}","templated":true}]}}